{"id":1314,"date":"2022-08-03T14:43:00","date_gmt":"2022-08-03T12:43:00","guid":{"rendered":"https:\/\/sineca.com\/?page_id=1314"},"modified":"2024-03-05T10:26:11","modified_gmt":"2024-03-05T09:26:11","slug":"notre-equipe-collab","status":"publish","type":"page","link":"https:\/\/sineca.com\/fr\/notre-equipe-collab\/","title":{"rendered":"[Collab] SINECA, notre \u00e9quipe"},"content":{"rendered":"<p>[et_pb_section fb_built=&#8221;1&#8243; custom_padding_last_edited=&#8221;on|tablet&#8221; module_id=&#8221;next&#8221; _builder_version=&#8221;4.17.6&#8243; _module_preset=&#8221;default&#8221; custom_margin=&#8221;0px|0px|0px|0px|false|false&#8221; custom_padding=&#8221;7vw|0px|7vw|0px|false|false&#8221; custom_padding_tablet=&#8221;0vw|0px|10vw|0px|false|false&#8221; custom_padding_phone=&#8221;7.5vw||15vw||false|false&#8221; locked=&#8221;off&#8221; global_colors_info=&#8221;{}&#8221;][et_pb_row use_custom_gutter=&#8221;on&#8221; make_equal=&#8221;on&#8221; custom_padding_last_edited=&#8221;on|tablet&#8221; _builder_version=&#8221;4.17.6&#8243; _module_preset=&#8221;default&#8221; width=&#8221;100%&#8221; max_width=&#8221;100%&#8221; custom_margin=&#8221;0px|0px|0px|0px|false|false&#8221; custom_padding=&#8221;0px|15vw|0px|15vw|false|true&#8221; custom_padding_tablet=&#8221;|5vw||5vw|false|true&#8221; custom_padding_phone=&#8221;|2.5vw||2.5vw|false|true&#8221; animation_style=&#8221;fade&#8221; global_colors_info=&#8221;{}&#8221;][et_pb_column type=&#8221;4_4&#8243; _builder_version=&#8221;4.17.6&#8243; _module_preset=&#8221;default&#8221; custom_css_main_element=&#8221;display: flex;||flex-direction: column;||justify-content: center;&#8221; global_colors_info=&#8221;{}&#8221;][et_pb_text content_tablet=&#8221;<\/p>\n<h1 style=%22margin-top:0vw; margin-bottom:0.5vw;%22>LE GROUPE<\/h1>\n<p><strong>La soci\u00e9t\u00e9 SINECA a \u00e9t\u00e9 fond\u00e9e en ao\u00fbt 2019 par 3 ing\u00e9nieurs automaticiens dans le but de vous fournir des projets et des services en :<\/strong><\/p>\n<ul>\n<li>Automatisation ;<\/li>\n<li>Informatique industrielle  ;<\/li>\n<li>IoT.<\/li>\n<\/ul>\n<p>Notre croissance continue nous permet aujourd\u2019hui de vous proposer des solutions industrielles en mati\u00e8re de MES et de Robotique.<\/p>\n<p>Nous avons cr\u00e9\u00e9 SINECA dans l\u2019objectif de nous recentrer sur notre m\u00e9tier et d\u2019\u00eatre \u00e0 l\u2019\u00e9coute du client. Notre expertise, ainsi que celle de nos collaborateurs, nous permet de r\u00e9pondre \u00e0 vos besoins en terme d\u2019automation.<\/p>\n<p>Notre volont\u00e9 est de poursuivre notre croissance tout en restant une soci\u00e9t\u00e9 \u00e0 taille humaine. Nous souhaitons continuer \u00e0 vous fournir la bonne solution, tout en conservant votre confiance ou en la gagnant.<\/p>\n<p>Aujourd\u2019hui nous comptons 15 collaborateurs aux profils et comp\u00e9tences vari\u00e9s, motiv\u00e9s et pr\u00eats \u00e0 r\u00e9pondre \u00e0 votre prochain challenge.<\/p>\n<p>&#8221; content_phone=&#8221;<\/p>\n<h1 style=%22margin-top:0vw; margin-bottom:0.5vw;%22>LE<br \/>GROUPE<\/h1>\n<p><strong>La soci\u00e9t\u00e9 SINECA a \u00e9t\u00e9 fond\u00e9e en ao\u00fbt 2019 par 3 ing\u00e9nieurs automaticiens dans le but de vous fournir des projets et des services en :<\/strong><\/p>\n<ul>\n<li>Automatisation ;<\/li>\n<li>Informatique industrielle  ;<\/li>\n<li>IoT.<\/li>\n<\/ul>\n<p>Notre croissance continue nous permet aujourd\u2019hui de vous proposer des solutions industrielles en mati\u00e8re de MES et de Robotique.<\/p>\n<p>Nous avons cr\u00e9\u00e9 SINECA dans l\u2019objectif de nous recentrer sur notre m\u00e9tier et d\u2019\u00eatre \u00e0 l\u2019\u00e9coute du client. Notre expertise, ainsi que celle de nos collaborateurs, nous permet de r\u00e9pondre \u00e0 vos besoins en terme d\u2019automation.<\/p>\n<p>Notre volont\u00e9 est de poursuivre notre croissance tout en restant une soci\u00e9t\u00e9 \u00e0 taille humaine. Nous souhaitons continuer \u00e0 vous fournir la bonne solution, tout en conservant votre confiance ou en la gagnant.<\/p>\n<p>Aujourd\u2019hui nous comptons 15 collaborateurs aux profils et comp\u00e9tences vari\u00e9s, motiv\u00e9s et pr\u00eats \u00e0 r\u00e9pondre \u00e0 votre prochain challenge.<\/p>\n<p>&#8221; content_last_edited=&#8221;off|desktop&#8221; _builder_version=&#8221;4.17.6&#8243; _module_preset=&#8221;default&#8221; text_text_color=&#8221;#000000&#8243; text_font_size=&#8221;18px&#8221; text_line_height=&#8221;1.5em&#8221; header_font=&#8221;|||on|||||&#8221; header_text_color=&#8221;#000000&#8243; header_font_size=&#8221;50px&#8221; header_2_font=&#8221;||||||||&#8221; header_2_text_color=&#8221;#000000&#8243; header_2_font_size=&#8221;50px&#8221; header_3_font=&#8221;|||on|||||&#8221; header_3_text_color=&#8221;#0A1D85&#8243; header_3_font_size=&#8221;25px&#8221; header_5_font=&#8221;|||on|||||&#8221; header_5_text_color=&#8221;#0A1D85&#8243; header_5_font_size=&#8221;1.1vw&#8221; header_6_text_color=&#8221;#ffffff&#8221; header_6_font_size=&#8221;20px&#8221; header_6_line_height=&#8221;1.4em&#8221; custom_margin=&#8221;0px|0px|0px|0px|false|false&#8221; custom_padding=&#8221;0px|0px|0px|0px|false|false&#8221; custom_padding_tablet=&#8221;10vw|5vw|0px|5vw|false|false&#8221; custom_padding_phone=&#8221;10vw|5vw|0px|5vw|false|false&#8221; custom_padding_last_edited=&#8221;on|tablet&#8221; animation_style=&#8221;fade&#8221; header_text_align_tablet=&#8221;center&#8221; header_text_align_phone=&#8221;center&#8221; header_text_align_last_edited=&#8221;on|phone&#8221; header_2_font_size_tablet=&#8221;50px&#8221; header_2_font_size_phone=&#8221;40px&#8221; header_2_font_size_last_edited=&#8221;on|phone&#8221; header_5_font_size_tablet=&#8221;2.5vw&#8221; header_5_font_size_phone=&#8221;3.5vw&#8221; header_5_font_size_last_edited=&#8221;on|tablet&#8221; global_colors_info=&#8221;{}&#8221;]<\/p>\n<h1 style=\"margin-top:0vw; margin-bottom:0vw;\">Notre \u00e9quipe<\/h1>\n<p>[\/et_pb_text][\/et_pb_column][\/et_pb_row][et_pb_row column_structure=&#8221;1_3,1_3,1_3&#8243; use_custom_gutter=&#8221;on&#8221; make_equal=&#8221;on&#8221; custom_padding_last_edited=&#8221;on|tablet&#8221; admin_label=&#8221;Nos activit\u00e9s \/ Colonnes&#8221; _builder_version=&#8221;4.18.0&#8243; _module_preset=&#8221;default&#8221; background_color=&#8221;#ffffff&#8221; width=&#8221;85vw&#8221; max_width=&#8221;85vw&#8221; module_alignment=&#8221;center&#8221; custom_margin=&#8221;0px|0px|0px|0px|false|false&#8221; custom_padding=&#8221;2.5vw|2.5vw|0px|2.5vw|false|false&#8221; custom_padding_tablet=&#8221;10vw|2.5vw|0px|2.5vw|false|true&#8221; custom_padding_phone=&#8221;10vw|2.5vw|0px|2.5vw|false|true&#8221; border_radii=&#8221;off||||&#8221; locked=&#8221;off&#8221; global_colors_info=&#8221;{}&#8221;][et_pb_column type=&#8221;1_3&#8243; _builder_version=&#8221;4.18.0&#8243; _module_preset=&#8221;default&#8221; transform_translate_linked__hover=&#8221;off&#8221; custom_padding=&#8221;|0.5vw||0.5vw|false|true&#8221; custom_padding_tablet=&#8221;|0.5vw|5vw|0.5vw|false|true&#8221; custom_padding_phone=&#8221;|0.5vw|5vw|0.5vw|false|true&#8221; custom_padding_last_edited=&#8221;on|tablet&#8221; animation_style=&#8221;fade&#8221; animation_delay=&#8221;100ms&#8221; custom_css_main_element=&#8221;display: flex;||flex-direction: column;||justify-content: center;&#8221; global_colors_info=&#8221;{}&#8221; transform_styles__hover_enabled=&#8221;on|hover&#8221; transform_scale__hover_enabled=&#8221;on|desktop&#8221; transform_translate__hover_enabled=&#8221;on|hover&#8221; transform_rotate__hover_enabled=&#8221;on|desktop&#8221; transform_skew__hover_enabled=&#8221;on|desktop&#8221; transform_origin__hover_enabled=&#8221;on|desktop&#8221; transform_translate__hover=&#8221;0px|-5px&#8221;][et_pb_image src=&#8221;https:\/\/sineca.com\/wp-content\/uploads\/2022\/09\/SINECA-fondateurs-e1664973291927.png&#8221; alt=&#8221;SINECA, fondateurs&#8221; title_text=&#8221;SINECA, fondateurs&#8221; align=&#8221;center&#8221; disabled_on=&#8221;off|off|off&#8221; _builder_version=&#8221;4.18.0&#8243; _module_preset=&#8221;default&#8221; width=&#8221;100%&#8221; custom_margin=&#8221;||0px||false|false&#8221; custom_padding=&#8221;0px|5vw|0px|5vw|true|true&#8221; custom_padding_tablet=&#8221;0px|17.5vw|0px|17.5vw|true|true&#8221; custom_padding_phone=&#8221;0px|10vw|0px|10vw|true|true&#8221; custom_padding_last_edited=&#8221;on|phone&#8221; locked=&#8221;off&#8221; global_colors_info=&#8221;{}&#8221;][\/et_pb_image][et_pb_text content_tablet=&#8221;<\/p>\n<h1 style=%22margin-top:0vw; margin-bottom:0.5vw;%22>LE GROUPE<\/h1>\n<p><strong>La soci\u00e9t\u00e9 SINECA a \u00e9t\u00e9 fond\u00e9e en ao\u00fbt 2019 par 3 ing\u00e9nieurs automaticiens dans le but de vous fournir des projets et des services en :<\/strong><\/p>\n<ul>\n<li>Automatisation ;<\/li>\n<li>Informatique industrielle  ;<\/li>\n<li>IoT.<\/li>\n<\/ul>\n<p>Notre croissance continue nous permet aujourd\u2019hui de vous proposer des solutions industrielles en mati\u00e8re de MES et de Robotique.<\/p>\n<p>Nous avons cr\u00e9\u00e9 SINECA dans l\u2019objectif de nous recentrer sur notre m\u00e9tier et d\u2019\u00eatre \u00e0 l\u2019\u00e9coute du client. Notre expertise, ainsi que celle de nos collaborateurs, nous permet de r\u00e9pondre \u00e0 vos besoins en terme d\u2019automation.<\/p>\n<p>Notre volont\u00e9 est de poursuivre notre croissance tout en restant une soci\u00e9t\u00e9 \u00e0 taille humaine. Nous souhaitons continuer \u00e0 vous fournir la bonne solution, tout en conservant votre confiance ou en la gagnant.<\/p>\n<p>Aujourd\u2019hui nous comptons 15 collaborateurs aux profils et comp\u00e9tences vari\u00e9s, motiv\u00e9s et pr\u00eats \u00e0 r\u00e9pondre \u00e0 votre prochain challenge.<\/p>\n<p>&#8221; content_phone=&#8221;<\/p>\n<h1 style=%22margin-top:0vw; margin-bottom:0.5vw;%22>LE<br \/>GROUPE<\/h1>\n<p><strong>La soci\u00e9t\u00e9 SINECA a \u00e9t\u00e9 fond\u00e9e en ao\u00fbt 2019 par 3 ing\u00e9nieurs automaticiens dans le but de vous fournir des projets et des services en :<\/strong><\/p>\n<ul>\n<li>Automatisation ;<\/li>\n<li>Informatique industrielle  ;<\/li>\n<li>IoT.<\/li>\n<\/ul>\n<p>Notre croissance continue nous permet aujourd\u2019hui de vous proposer des solutions industrielles en mati\u00e8re de MES et de Robotique.<\/p>\n<p>Nous avons cr\u00e9\u00e9 SINECA dans l\u2019objectif de nous recentrer sur notre m\u00e9tier et d\u2019\u00eatre \u00e0 l\u2019\u00e9coute du client. Notre expertise, ainsi que celle de nos collaborateurs, nous permet de r\u00e9pondre \u00e0 vos besoins en terme d\u2019automation.<\/p>\n<p>Notre volont\u00e9 est de poursuivre notre croissance tout en restant une soci\u00e9t\u00e9 \u00e0 taille humaine. Nous souhaitons continuer \u00e0 vous fournir la bonne solution, tout en conservant votre confiance ou en la gagnant.<\/p>\n<p>Aujourd\u2019hui nous comptons 15 collaborateurs aux profils et comp\u00e9tences vari\u00e9s, motiv\u00e9s et pr\u00eats \u00e0 r\u00e9pondre \u00e0 votre prochain challenge.<\/p>\n<p>&#8221; content_last_edited=&#8221;off|desktop&#8221; _builder_version=&#8221;4.17.6&#8243; _module_preset=&#8221;default&#8221; text_text_color=&#8221;#000000&#8243; text_font_size=&#8221;18px&#8221; text_line_height=&#8221;1.5em&#8221; header_font=&#8221;|||on|||||&#8221; header_text_color=&#8221;#000000&#8243; header_font_size=&#8221;50px&#8221; header_2_font=&#8221;||||||||&#8221; header_2_text_color=&#8221;#000000&#8243; header_2_font_size=&#8221;50px&#8221; header_3_font=&#8221;|||on|||||&#8221; header_3_text_color=&#8221;#0A1D85&#8243; header_3_font_size=&#8221;25px&#8221; header_5_font=&#8221;|||on|||||&#8221; header_5_text_color=&#8221;#0A1D85&#8243; header_5_font_size=&#8221;1.1vw&#8221; header_6_text_color=&#8221;#ffffff&#8221; header_6_font_size=&#8221;20px&#8221; header_6_line_height=&#8221;1.4em&#8221; text_orientation=&#8221;center&#8221; custom_margin=&#8221;0px|0px|0px|0px|false|false&#8221; custom_padding=&#8221;1.5vw|0px|0px|0px|false|false&#8221; custom_padding_tablet=&#8221;5vw|5vw|0px|5vw|false|false&#8221; custom_padding_phone=&#8221;10vw|5vw|0px|5vw|false|false&#8221; custom_padding_last_edited=&#8221;on|phone&#8221; animation_style=&#8221;fade&#8221; header_2_font_size_tablet=&#8221;50px&#8221; header_2_font_size_phone=&#8221;40px&#8221; header_2_font_size_last_edited=&#8221;on|phone&#8221; header_5_font_size_tablet=&#8221;2.5vw&#8221; header_5_font_size_phone=&#8221;3.5vw&#8221; header_5_font_size_last_edited=&#8221;on|tablet&#8221; locked=&#8221;off&#8221; global_colors_info=&#8221;{}&#8221;]<\/p>\n<h3>Fondateurs<\/h3>\n<p>Nos 3 fondateurs et dirigeants, \u00e9galement amis dans la vie priv\u00e9e, partagent un bons nombres de points communs et s\u2019orientent vers un style de management horizontal o\u00f9 chaque collaborateur a sa place \u00e0 part enti\u00e8re.<\/p>\n<p>[\/et_pb_text][\/et_pb_column][et_pb_column type=&#8221;1_3&#8243; _builder_version=&#8221;4.18.0&#8243; _module_preset=&#8221;default&#8221; transform_translate_linked__hover=&#8221;off&#8221; custom_padding=&#8221;|0.5vw||0.5vw|false|true&#8221; custom_padding_tablet=&#8221;|0.5vw|5vw|0.5vw|false|true&#8221; custom_padding_phone=&#8221;|0.5vw|5vw|0.5vw|false|true&#8221; custom_padding_last_edited=&#8221;on|tablet&#8221; animation_style=&#8221;fade&#8221; animation_delay=&#8221;100ms&#8221; custom_css_main_element=&#8221;display: flex;||flex-direction: column;||justify-content: center;&#8221; global_colors_info=&#8221;{}&#8221; transform_styles__hover_enabled=&#8221;on|desktop&#8221; transform_scale__hover_enabled=&#8221;on|desktop&#8221; transform_translate__hover_enabled=&#8221;on|desktop&#8221; transform_rotate__hover_enabled=&#8221;on|desktop&#8221; transform_skew__hover_enabled=&#8221;on|desktop&#8221; transform_origin__hover_enabled=&#8221;on|desktop&#8221; transform_translate__hover=&#8221;0px|-5px&#8221;][et_pb_image src=&#8221;\/wp-content\/uploads\/2022\/08\/Sineca_Hexagone_Equipe_RH.png&#8221; alt=&#8221;Sineca, notre \u00e9quipe \u2013 Fondateurs&#8221; title_text=&#8221;Sineca, notre \u00e9quipe \u2013 Fondateurs&#8221; align=&#8221;center&#8221; disabled_on=&#8221;off|off|off&#8221; _builder_version=&#8221;4.17.6&#8243; _module_preset=&#8221;default&#8221; width=&#8221;100%&#8221; custom_margin=&#8221;||0px||false|false&#8221; custom_padding=&#8221;0px|5vw|0px|5vw|true|true&#8221; custom_padding_tablet=&#8221;0px|17.5vw|0px|17.5vw|true|true&#8221; custom_padding_phone=&#8221;0px|10vw|0px|10vw|true|true&#8221; custom_padding_last_edited=&#8221;on|phone&#8221; locked=&#8221;off&#8221; global_colors_info=&#8221;{}&#8221;][\/et_pb_image][et_pb_text content_tablet=&#8221;<\/p>\n<h1 style=%22margin-top:0vw; margin-bottom:0.5vw;%22>LE GROUPE<\/h1>\n<p><strong>La soci\u00e9t\u00e9 SINECA a \u00e9t\u00e9 fond\u00e9e en ao\u00fbt 2019 par 3 ing\u00e9nieurs automaticiens dans le but de vous fournir des projets et des services en :<\/strong><\/p>\n<ul>\n<li>Automatisation ;<\/li>\n<li>Informatique industrielle  ;<\/li>\n<li>IoT.<\/li>\n<\/ul>\n<p>Notre croissance continue nous permet aujourd\u2019hui de vous proposer des solutions industrielles en mati\u00e8re de MES et de Robotique.<\/p>\n<p>Nous avons cr\u00e9\u00e9 SINECA dans l\u2019objectif de nous recentrer sur notre m\u00e9tier et d\u2019\u00eatre \u00e0 l\u2019\u00e9coute du client. Notre expertise, ainsi que celle de nos collaborateurs, nous permet de r\u00e9pondre \u00e0 vos besoins en terme d\u2019automation.<\/p>\n<p>Notre volont\u00e9 est de poursuivre notre croissance tout en restant une soci\u00e9t\u00e9 \u00e0 taille humaine. Nous souhaitons continuer \u00e0 vous fournir la bonne solution, tout en conservant votre confiance ou en la gagnant.<\/p>\n<p>Aujourd\u2019hui nous comptons 15 collaborateurs aux profils et comp\u00e9tences vari\u00e9s, motiv\u00e9s et pr\u00eats \u00e0 r\u00e9pondre \u00e0 votre prochain challenge.<\/p>\n<p>&#8221; content_phone=&#8221;<\/p>\n<h1 style=%22margin-top:0vw; margin-bottom:0.5vw;%22>LE<br \/>GROUPE<\/h1>\n<p><strong>La soci\u00e9t\u00e9 SINECA a \u00e9t\u00e9 fond\u00e9e en ao\u00fbt 2019 par 3 ing\u00e9nieurs automaticiens dans le but de vous fournir des projets et des services en :<\/strong><\/p>\n<ul>\n<li>Automatisation ;<\/li>\n<li>Informatique industrielle  ;<\/li>\n<li>IoT.<\/li>\n<\/ul>\n<p>Notre croissance continue nous permet aujourd\u2019hui de vous proposer des solutions industrielles en mati\u00e8re de MES et de Robotique.<\/p>\n<p>Nous avons cr\u00e9\u00e9 SINECA dans l\u2019objectif de nous recentrer sur notre m\u00e9tier et d\u2019\u00eatre \u00e0 l\u2019\u00e9coute du client. Notre expertise, ainsi que celle de nos collaborateurs, nous permet de r\u00e9pondre \u00e0 vos besoins en terme d\u2019automation.<\/p>\n<p>Notre volont\u00e9 est de poursuivre notre croissance tout en restant une soci\u00e9t\u00e9 \u00e0 taille humaine. Nous souhaitons continuer \u00e0 vous fournir la bonne solution, tout en conservant votre confiance ou en la gagnant.<\/p>\n<p>Aujourd\u2019hui nous comptons 15 collaborateurs aux profils et comp\u00e9tences vari\u00e9s, motiv\u00e9s et pr\u00eats \u00e0 r\u00e9pondre \u00e0 votre prochain challenge.<\/p>\n<p>&#8221; content_last_edited=&#8221;off|desktop&#8221; _builder_version=&#8221;4.18.0&#8243; _module_preset=&#8221;default&#8221; text_text_color=&#8221;#000000&#8243; text_font_size=&#8221;18px&#8221; text_line_height=&#8221;1.5em&#8221; header_font=&#8221;|||on|||||&#8221; header_text_color=&#8221;#000000&#8243; header_font_size=&#8221;50px&#8221; header_2_font=&#8221;||||||||&#8221; header_2_text_color=&#8221;#000000&#8243; header_2_font_size=&#8221;50px&#8221; header_3_font=&#8221;|||on|||||&#8221; header_3_text_color=&#8221;#0A1D85&#8243; header_3_font_size=&#8221;25px&#8221; header_5_font=&#8221;|||on|||||&#8221; header_5_text_color=&#8221;#0A1D85&#8243; header_5_font_size=&#8221;1.1vw&#8221; header_6_text_color=&#8221;#ffffff&#8221; header_6_font_size=&#8221;20px&#8221; header_6_line_height=&#8221;1.4em&#8221; text_orientation=&#8221;center&#8221; custom_margin=&#8221;0px|0px|0px|0px|false|false&#8221; custom_padding=&#8221;1.5vw|0px|0px|0px|false|false&#8221; custom_padding_tablet=&#8221;5vw|5vw|0px|5vw|false|false&#8221; custom_padding_phone=&#8221;10vw|5vw|0px|5vw|false|false&#8221; custom_padding_last_edited=&#8221;on|phone&#8221; animation_style=&#8221;fade&#8221; header_2_font_size_tablet=&#8221;50px&#8221; header_2_font_size_phone=&#8221;40px&#8221; header_2_font_size_last_edited=&#8221;on|phone&#8221; header_5_font_size_tablet=&#8221;2.5vw&#8221; header_5_font_size_phone=&#8221;3.5vw&#8221; header_5_font_size_last_edited=&#8221;on|tablet&#8221; locked=&#8221;off&#8221; global_colors_info=&#8221;{}&#8221;]<\/p>\n<h3>Ressources humaines<\/h3>\n<p>Notre responsable RH est une touche \u00e0 tout. Active dans plusieurs domaines, elle s\u2019occupe aussi bien du recrutement, de l\u2019accueil des nouveaux engag\u00e9s, de la gestion administrative que de la communication interne et externe.<\/p>\n<p>[\/et_pb_text][\/et_pb_column][et_pb_column type=&#8221;1_3&#8243; _builder_version=&#8221;4.18.0&#8243; _module_preset=&#8221;default&#8221; transform_translate_linked__hover=&#8221;off&#8221; custom_padding=&#8221;|0.5vw||0.5vw|false|true&#8221; custom_padding_tablet=&#8221;|0.5vw|5vw|0.5vw|false|true&#8221; custom_padding_phone=&#8221;|0.5vw|5vw|0.5vw|false|true&#8221; custom_padding_last_edited=&#8221;on|tablet&#8221; animation_style=&#8221;fade&#8221; animation_delay=&#8221;100ms&#8221; custom_css_main_element=&#8221;display: flex;||flex-direction: column;||justify-content: center;&#8221; global_colors_info=&#8221;{}&#8221; transform_styles__hover_enabled=&#8221;on|desktop&#8221; transform_scale__hover_enabled=&#8221;on|desktop&#8221; transform_translate__hover_enabled=&#8221;on|desktop&#8221; transform_rotate__hover_enabled=&#8221;on|desktop&#8221; transform_skew__hover_enabled=&#8221;on|desktop&#8221; transform_origin__hover_enabled=&#8221;on|desktop&#8221; transform_translate__hover=&#8221;0px|-5px&#8221;][et_pb_image src=&#8221;https:\/\/sineca.com\/wp-content\/uploads\/2022\/08\/Sineca_Hexagone_Equipe_Commercial.png&#8221; alt=&#8221;Sineca, notre \u00e9quipe \u2013 Commercial&#8221; title_text=&#8221;Sineca, notre \u00e9quipe \u2013 Commercial&#8221; align=&#8221;center&#8221; disabled_on=&#8221;off|off|off&#8221; _builder_version=&#8221;4.18.0&#8243; _module_preset=&#8221;default&#8221; width=&#8221;100%&#8221; custom_margin=&#8221;||0px||false|false&#8221; custom_padding=&#8221;0px|5vw|0px|5vw|true|true&#8221; custom_padding_tablet=&#8221;0px|17.5vw|0px|17.5vw|true|true&#8221; custom_padding_phone=&#8221;0px|10vw|0px|10vw|true|true&#8221; custom_padding_last_edited=&#8221;on|phone&#8221; locked=&#8221;off&#8221; global_colors_info=&#8221;{}&#8221;][\/et_pb_image][et_pb_text content_tablet=&#8221;<\/p>\n<h1 style=%22margin-top:0vw; margin-bottom:0.5vw;%22>LE GROUPE<\/h1>\n<p><strong>La soci\u00e9t\u00e9 SINECA a \u00e9t\u00e9 fond\u00e9e en ao\u00fbt 2019 par 3 ing\u00e9nieurs automaticiens dans le but de vous fournir des projets et des services en :<\/strong><\/p>\n<ul>\n<li>Automatisation ;<\/li>\n<li>Informatique industrielle  ;<\/li>\n<li>IoT.<\/li>\n<\/ul>\n<p>Notre croissance continue nous permet aujourd\u2019hui de vous proposer des solutions industrielles en mati\u00e8re de MES et de Robotique.<\/p>\n<p>Nous avons cr\u00e9\u00e9 SINECA dans l\u2019objectif de nous recentrer sur notre m\u00e9tier et d\u2019\u00eatre \u00e0 l\u2019\u00e9coute du client. Notre expertise, ainsi que celle de nos collaborateurs, nous permet de r\u00e9pondre \u00e0 vos besoins en terme d\u2019automation.<\/p>\n<p>Notre volont\u00e9 est de poursuivre notre croissance tout en restant une soci\u00e9t\u00e9 \u00e0 taille humaine. Nous souhaitons continuer \u00e0 vous fournir la bonne solution, tout en conservant votre confiance ou en la gagnant.<\/p>\n<p>Aujourd\u2019hui nous comptons 15 collaborateurs aux profils et comp\u00e9tences vari\u00e9s, motiv\u00e9s et pr\u00eats \u00e0 r\u00e9pondre \u00e0 votre prochain challenge.<\/p>\n<p>&#8221; content_phone=&#8221;<\/p>\n<h1 style=%22margin-top:0vw; margin-bottom:0.5vw;%22>LE<br \/>GROUPE<\/h1>\n<p><strong>La soci\u00e9t\u00e9 SINECA a \u00e9t\u00e9 fond\u00e9e en ao\u00fbt 2019 par 3 ing\u00e9nieurs automaticiens dans le but de vous fournir des projets et des services en :<\/strong><\/p>\n<ul>\n<li>Automatisation ;<\/li>\n<li>Informatique industrielle  ;<\/li>\n<li>IoT.<\/li>\n<\/ul>\n<p>Notre croissance continue nous permet aujourd\u2019hui de vous proposer des solutions industrielles en mati\u00e8re de MES et de Robotique.<\/p>\n<p>Nous avons cr\u00e9\u00e9 SINECA dans l\u2019objectif de nous recentrer sur notre m\u00e9tier et d\u2019\u00eatre \u00e0 l\u2019\u00e9coute du client. Notre expertise, ainsi que celle de nos collaborateurs, nous permet de r\u00e9pondre \u00e0 vos besoins en terme d\u2019automation.<\/p>\n<p>Notre volont\u00e9 est de poursuivre notre croissance tout en restant une soci\u00e9t\u00e9 \u00e0 taille humaine. Nous souhaitons continuer \u00e0 vous fournir la bonne solution, tout en conservant votre confiance ou en la gagnant.<\/p>\n<p>Aujourd\u2019hui nous comptons 15 collaborateurs aux profils et comp\u00e9tences vari\u00e9s, motiv\u00e9s et pr\u00eats \u00e0 r\u00e9pondre \u00e0 votre prochain challenge.<\/p>\n<p>&#8221; content_last_edited=&#8221;off|desktop&#8221; _builder_version=&#8221;4.17.6&#8243; _module_preset=&#8221;default&#8221; text_text_color=&#8221;#000000&#8243; text_font_size=&#8221;18px&#8221; text_line_height=&#8221;1.5em&#8221; header_font=&#8221;|||on|||||&#8221; header_text_color=&#8221;#000000&#8243; header_font_size=&#8221;50px&#8221; header_2_font=&#8221;||||||||&#8221; header_2_text_color=&#8221;#000000&#8243; header_2_font_size=&#8221;50px&#8221; header_3_font=&#8221;|||on|||||&#8221; header_3_text_color=&#8221;#0A1D85&#8243; header_3_font_size=&#8221;25px&#8221; header_5_font=&#8221;|||on|||||&#8221; header_5_text_color=&#8221;#0A1D85&#8243; header_5_font_size=&#8221;1.1vw&#8221; header_6_text_color=&#8221;#ffffff&#8221; header_6_font_size=&#8221;20px&#8221; header_6_line_height=&#8221;1.4em&#8221; text_orientation=&#8221;center&#8221; custom_margin=&#8221;0px|0px|0px|0px|false|false&#8221; custom_padding=&#8221;1.5vw|0px|0px|0px|false|false&#8221; custom_padding_tablet=&#8221;5vw|5vw|0px|5vw|false|false&#8221; custom_padding_phone=&#8221;10vw|5vw|0px|5vw|false|false&#8221; custom_padding_last_edited=&#8221;on|phone&#8221; animation_style=&#8221;fade&#8221; header_2_font_size_tablet=&#8221;50px&#8221; header_2_font_size_phone=&#8221;40px&#8221; header_2_font_size_last_edited=&#8221;on|phone&#8221; header_5_font_size_tablet=&#8221;2.5vw&#8221; header_5_font_size_phone=&#8221;3.5vw&#8221; header_5_font_size_last_edited=&#8221;on|tablet&#8221; locked=&#8221;off&#8221; global_colors_info=&#8221;{}&#8221;]<\/p>\n<h3>Commercial<\/h3>\n<p>Notre repr\u00e9sentant commercial a toutes les cartes en mains pour faire \u00e9voluer le groupe. Il enchaine les rendez-vous clients, le suivi de projets et les r\u00e9unions internes, en \u00e9troite collaboration avec les dirigeants et le reste de l&#8217;\u00e9quipe.<\/p>\n<p>[\/et_pb_text][\/et_pb_column][\/et_pb_row][et_pb_row column_structure=&#8221;1_3,1_3,1_3&#8243; use_custom_gutter=&#8221;on&#8221; make_equal=&#8221;on&#8221; custom_padding_last_edited=&#8221;on|tablet&#8221; admin_label=&#8221;Nos activit\u00e9s \/ Colonnes&#8221; _builder_version=&#8221;4.18.0&#8243; _module_preset=&#8221;default&#8221; background_color=&#8221;#ffffff&#8221; width=&#8221;85vw&#8221; max_width=&#8221;85vw&#8221; module_alignment=&#8221;center&#8221; custom_margin=&#8221;0px|0px|0px|0px|false|false&#8221; custom_padding=&#8221;2.5vw|2.5vw|0px|2.5vw|false|false&#8221; custom_padding_tablet=&#8221;10vw|2.5vw|0px|2.5vw|false|true&#8221; custom_padding_phone=&#8221;10vw|2.5vw|0px|2.5vw|false|true&#8221; border_radii=&#8221;off||||&#8221; locked=&#8221;off&#8221; global_colors_info=&#8221;{}&#8221;][et_pb_column type=&#8221;1_3&#8243; _builder_version=&#8221;4.18.0&#8243; _module_preset=&#8221;default&#8221; transform_translate_linked__hover=&#8221;off&#8221; custom_padding=&#8221;|0.5vw||0.5vw|false|true&#8221; custom_padding_tablet=&#8221;|0.5vw|5vw|0.5vw|false|true&#8221; custom_padding_phone=&#8221;|0.5vw|5vw|0.5vw|false|true&#8221; custom_padding_last_edited=&#8221;on|tablet&#8221; animation_style=&#8221;fade&#8221; animation_delay=&#8221;100ms&#8221; custom_css_main_element=&#8221;display: flex;||flex-direction: column;||justify-content: center;&#8221; global_colors_info=&#8221;{}&#8221; transform_styles__hover_enabled=&#8221;on|desktop&#8221; transform_scale__hover_enabled=&#8221;on|desktop&#8221; transform_translate__hover_enabled=&#8221;on|desktop&#8221; transform_rotate__hover_enabled=&#8221;on|desktop&#8221; transform_skew__hover_enabled=&#8221;on|desktop&#8221; transform_origin__hover_enabled=&#8221;on|desktop&#8221; transform_translate__hover=&#8221;0px|-5px&#8221;][et_pb_image src=&#8221;\/wp-content\/uploads\/2022\/08\/Sineca_Hexagone_Equipe_PM.png&#8221; alt=&#8221;Sineca, notre \u00e9quipe \u2013 Fondateurs&#8221; title_text=&#8221;Sineca, notre \u00e9quipe \u2013 Fondateurs&#8221; align=&#8221;center&#8221; disabled_on=&#8221;off|off|off&#8221; _builder_version=&#8221;4.17.6&#8243; _module_preset=&#8221;default&#8221; width=&#8221;100%&#8221; custom_margin=&#8221;||0px||false|false&#8221; custom_padding=&#8221;0px|5vw|0px|5vw|true|true&#8221; custom_padding_tablet=&#8221;0px|17.5vw|0px|17.5vw|true|true&#8221; custom_padding_phone=&#8221;0px|10vw|0px|10vw|true|true&#8221; custom_padding_last_edited=&#8221;on|phone&#8221; locked=&#8221;off&#8221; global_colors_info=&#8221;{}&#8221;][\/et_pb_image][et_pb_text content_tablet=&#8221;<\/p>\n<h1 style=%22margin-top:0vw; margin-bottom:0.5vw;%22>LE GROUPE<\/h1>\n<p><strong>La soci\u00e9t\u00e9 SINECA a \u00e9t\u00e9 fond\u00e9e en ao\u00fbt 2019 par 3 ing\u00e9nieurs automaticiens dans le but de vous fournir des projets et des services en :<\/strong><\/p>\n<ul>\n<li>Automatisation ;<\/li>\n<li>Informatique industrielle  ;<\/li>\n<li>IoT.<\/li>\n<\/ul>\n<p>Notre croissance continue nous permet aujourd\u2019hui de vous proposer des solutions industrielles en mati\u00e8re de MES et de Robotique.<\/p>\n<p>Nous avons cr\u00e9\u00e9 SINECA dans l\u2019objectif de nous recentrer sur notre m\u00e9tier et d\u2019\u00eatre \u00e0 l\u2019\u00e9coute du client. Notre expertise, ainsi que celle de nos collaborateurs, nous permet de r\u00e9pondre \u00e0 vos besoins en terme d\u2019automation.<\/p>\n<p>Notre volont\u00e9 est de poursuivre notre croissance tout en restant une soci\u00e9t\u00e9 \u00e0 taille humaine. Nous souhaitons continuer \u00e0 vous fournir la bonne solution, tout en conservant votre confiance ou en la gagnant.<\/p>\n<p>Aujourd\u2019hui nous comptons 15 collaborateurs aux profils et comp\u00e9tences vari\u00e9s, motiv\u00e9s et pr\u00eats \u00e0 r\u00e9pondre \u00e0 votre prochain challenge.<\/p>\n<p>&#8221; content_phone=&#8221;<\/p>\n<h1 style=%22margin-top:0vw; margin-bottom:0.5vw;%22>LE<br \/>GROUPE<\/h1>\n<p><strong>La soci\u00e9t\u00e9 SINECA a \u00e9t\u00e9 fond\u00e9e en ao\u00fbt 2019 par 3 ing\u00e9nieurs automaticiens dans le but de vous fournir des projets et des services en :<\/strong><\/p>\n<ul>\n<li>Automatisation ;<\/li>\n<li>Informatique industrielle  ;<\/li>\n<li>IoT.<\/li>\n<\/ul>\n<p>Notre croissance continue nous permet aujourd\u2019hui de vous proposer des solutions industrielles en mati\u00e8re de MES et de Robotique.<\/p>\n<p>Nous avons cr\u00e9\u00e9 SINECA dans l\u2019objectif de nous recentrer sur notre m\u00e9tier et d\u2019\u00eatre \u00e0 l\u2019\u00e9coute du client. Notre expertise, ainsi que celle de nos collaborateurs, nous permet de r\u00e9pondre \u00e0 vos besoins en terme d\u2019automation.<\/p>\n<p>Notre volont\u00e9 est de poursuivre notre croissance tout en restant une soci\u00e9t\u00e9 \u00e0 taille humaine. Nous souhaitons continuer \u00e0 vous fournir la bonne solution, tout en conservant votre confiance ou en la gagnant.<\/p>\n<p>Aujourd\u2019hui nous comptons 15 collaborateurs aux profils et comp\u00e9tences vari\u00e9s, motiv\u00e9s et pr\u00eats \u00e0 r\u00e9pondre \u00e0 votre prochain challenge.<\/p>\n<p>&#8221; content_last_edited=&#8221;off|desktop&#8221; _builder_version=&#8221;4.17.6&#8243; _module_preset=&#8221;default&#8221; text_text_color=&#8221;#000000&#8243; text_font_size=&#8221;18px&#8221; text_line_height=&#8221;1.5em&#8221; header_font=&#8221;|||on|||||&#8221; header_text_color=&#8221;#000000&#8243; header_font_size=&#8221;50px&#8221; header_2_font=&#8221;||||||||&#8221; header_2_text_color=&#8221;#000000&#8243; header_2_font_size=&#8221;50px&#8221; header_3_font=&#8221;|||on|||||&#8221; header_3_text_color=&#8221;#0A1D85&#8243; header_3_font_size=&#8221;25px&#8221; header_5_font=&#8221;|||on|||||&#8221; header_5_text_color=&#8221;#0A1D85&#8243; header_5_font_size=&#8221;1.1vw&#8221; header_6_text_color=&#8221;#ffffff&#8221; header_6_font_size=&#8221;20px&#8221; header_6_line_height=&#8221;1.4em&#8221; text_orientation=&#8221;center&#8221; custom_margin=&#8221;0px|0px|0px|0px|false|false&#8221; custom_padding=&#8221;1.5vw|0px|0px|0px|false|false&#8221; custom_padding_tablet=&#8221;5vw|5vw|0px|5vw|false|false&#8221; custom_padding_phone=&#8221;10vw|5vw|0px|5vw|false|false&#8221; custom_padding_last_edited=&#8221;on|phone&#8221; animation_style=&#8221;fade&#8221; header_2_font_size_tablet=&#8221;50px&#8221; header_2_font_size_phone=&#8221;40px&#8221; header_2_font_size_last_edited=&#8221;on|phone&#8221; header_5_font_size_tablet=&#8221;2.5vw&#8221; header_5_font_size_phone=&#8221;3.5vw&#8221; header_5_font_size_last_edited=&#8221;on|tablet&#8221; locked=&#8221;off&#8221; global_colors_info=&#8221;{}&#8221;]<\/p>\n<h3>Project manager<\/h3>\n<p>Nos Project Manager sont nos couteaux suisse internes. Polyvalents et ayant une expertise technique compl\u00e8te, ils jonglent avec les r\u00e9unions techniques clients, le coaching, le suivi des nouveaux arrivants et des coll\u00e8gues juniors ainsi qu\u2019avec l\u2019activit\u00e9 commerciale en Belgique.<\/p>\n<p>[\/et_pb_text][\/et_pb_column][et_pb_column type=&#8221;1_3&#8243; _builder_version=&#8221;4.18.0&#8243; _module_preset=&#8221;default&#8221; transform_translate_linked__hover=&#8221;off&#8221; custom_padding=&#8221;|0.5vw||0.5vw|false|true&#8221; custom_padding_tablet=&#8221;|0.5vw|5vw|0.5vw|false|true&#8221; custom_padding_phone=&#8221;|0.5vw|5vw|0.5vw|false|true&#8221; custom_padding_last_edited=&#8221;on|tablet&#8221; animation_style=&#8221;fade&#8221; animation_delay=&#8221;100ms&#8221; custom_css_main_element=&#8221;display: flex;||flex-direction: column;||justify-content: center;&#8221; global_colors_info=&#8221;{}&#8221; transform_styles__hover_enabled=&#8221;on|desktop&#8221; transform_scale__hover_enabled=&#8221;on|desktop&#8221; transform_translate__hover_enabled=&#8221;on|desktop&#8221; transform_rotate__hover_enabled=&#8221;on|desktop&#8221; transform_skew__hover_enabled=&#8221;on|desktop&#8221; transform_origin__hover_enabled=&#8221;on|desktop&#8221; transform_translate__hover=&#8221;0px|-5px&#8221;][et_pb_image src=&#8221;https:\/\/sineca.com\/wp-content\/uploads\/2024\/03\/Sineca_Automaticiens.png&#8221; alt=&#8221;SINECA, Automaticiens&#8221; title_text=&#8221;Sineca_Automaticiens&#8221; align=&#8221;center&#8221; disabled_on=&#8221;off|off|off&#8221; _builder_version=&#8221;4.18.0&#8243; _module_preset=&#8221;default&#8221; width=&#8221;100%&#8221; height=&#8221;100%&#8221; custom_margin=&#8221;||0px||false|false&#8221; custom_padding=&#8221;0px|5vw|0px|5vw|true|true&#8221; custom_padding_tablet=&#8221;0px|17.5vw|0px|17.5vw|true|true&#8221; custom_padding_phone=&#8221;0px|10vw|0px|10vw|true|true&#8221; custom_padding_last_edited=&#8221;on|phone&#8221; hover_enabled=&#8221;0&#8243; locked=&#8221;off&#8221; global_colors_info=&#8221;{}&#8221; sticky_enabled=&#8221;0&#8243;][\/et_pb_image][et_pb_text content_tablet=&#8221;<\/p>\n<h1 style=%22margin-top:0vw; margin-bottom:0.5vw;%22>LE GROUPE<\/h1>\n<p><strong>La soci\u00e9t\u00e9 SINECA a \u00e9t\u00e9 fond\u00e9e en ao\u00fbt 2019 par 3 ing\u00e9nieurs automaticiens dans le but de vous fournir des projets et des services en :<\/strong><\/p>\n<ul>\n<li>Automatisation ;<\/li>\n<li>Informatique industrielle  ;<\/li>\n<li>IoT.<\/li>\n<\/ul>\n<p>Notre croissance continue nous permet aujourd\u2019hui de vous proposer des solutions industrielles en mati\u00e8re de MES et de Robotique.<\/p>\n<p>Nous avons cr\u00e9\u00e9 SINECA dans l\u2019objectif de nous recentrer sur notre m\u00e9tier et d\u2019\u00eatre \u00e0 l\u2019\u00e9coute du client. Notre expertise, ainsi que celle de nos collaborateurs, nous permet de r\u00e9pondre \u00e0 vos besoins en terme d\u2019automation.<\/p>\n<p>Notre volont\u00e9 est de poursuivre notre croissance tout en restant une soci\u00e9t\u00e9 \u00e0 taille humaine. Nous souhaitons continuer \u00e0 vous fournir la bonne solution, tout en conservant votre confiance ou en la gagnant.<\/p>\n<p>Aujourd\u2019hui nous comptons 15 collaborateurs aux profils et comp\u00e9tences vari\u00e9s, motiv\u00e9s et pr\u00eats \u00e0 r\u00e9pondre \u00e0 votre prochain challenge.<\/p>\n<p>&#8221; content_phone=&#8221;<\/p>\n<h1 style=%22margin-top:0vw; margin-bottom:0.5vw;%22>LE<br \/>GROUPE<\/h1>\n<p><strong>La soci\u00e9t\u00e9 SINECA a \u00e9t\u00e9 fond\u00e9e en ao\u00fbt 2019 par 3 ing\u00e9nieurs automaticiens dans le but de vous fournir des projets et des services en :<\/strong><\/p>\n<ul>\n<li>Automatisation ;<\/li>\n<li>Informatique industrielle  ;<\/li>\n<li>IoT.<\/li>\n<\/ul>\n<p>Notre croissance continue nous permet aujourd\u2019hui de vous proposer des solutions industrielles en mati\u00e8re de MES et de Robotique.<\/p>\n<p>Nous avons cr\u00e9\u00e9 SINECA dans l\u2019objectif de nous recentrer sur notre m\u00e9tier et d\u2019\u00eatre \u00e0 l\u2019\u00e9coute du client. Notre expertise, ainsi que celle de nos collaborateurs, nous permet de r\u00e9pondre \u00e0 vos besoins en terme d\u2019automation.<\/p>\n<p>Notre volont\u00e9 est de poursuivre notre croissance tout en restant une soci\u00e9t\u00e9 \u00e0 taille humaine. Nous souhaitons continuer \u00e0 vous fournir la bonne solution, tout en conservant votre confiance ou en la gagnant.<\/p>\n<p>Aujourd\u2019hui nous comptons 15 collaborateurs aux profils et comp\u00e9tences vari\u00e9s, motiv\u00e9s et pr\u00eats \u00e0 r\u00e9pondre \u00e0 votre prochain challenge.<\/p>\n<p>&#8221; content_last_edited=&#8221;off|desktop&#8221; _builder_version=&#8221;4.17.6&#8243; _module_preset=&#8221;default&#8221; text_text_color=&#8221;#000000&#8243; text_font_size=&#8221;18px&#8221; text_line_height=&#8221;1.5em&#8221; header_font=&#8221;|||on|||||&#8221; header_text_color=&#8221;#000000&#8243; header_font_size=&#8221;50px&#8221; header_2_font=&#8221;||||||||&#8221; header_2_text_color=&#8221;#000000&#8243; header_2_font_size=&#8221;50px&#8221; header_3_font=&#8221;|||on|||||&#8221; header_3_text_color=&#8221;#0A1D85&#8243; header_3_font_size=&#8221;25px&#8221; header_5_font=&#8221;|||on|||||&#8221; header_5_text_color=&#8221;#0A1D85&#8243; header_5_font_size=&#8221;1.1vw&#8221; header_6_text_color=&#8221;#ffffff&#8221; header_6_font_size=&#8221;20px&#8221; header_6_line_height=&#8221;1.4em&#8221; text_orientation=&#8221;center&#8221; custom_margin=&#8221;0px|0px|0px|0px|false|false&#8221; custom_padding=&#8221;1.5vw|0px|0px|0px|false|false&#8221; custom_padding_tablet=&#8221;5vw|5vw|0px|5vw|false|false&#8221; custom_padding_phone=&#8221;10vw|5vw|0px|5vw|false|false&#8221; custom_padding_last_edited=&#8221;on|phone&#8221; animation_style=&#8221;fade&#8221; header_2_font_size_tablet=&#8221;50px&#8221; header_2_font_size_phone=&#8221;40px&#8221; header_2_font_size_last_edited=&#8221;on|phone&#8221; header_5_font_size_tablet=&#8221;2.5vw&#8221; header_5_font_size_phone=&#8221;3.5vw&#8221; header_5_font_size_last_edited=&#8221;on|tablet&#8221; locked=&#8221;off&#8221; global_colors_info=&#8221;{}&#8221;]<\/p>\n<h3>Automaticiens<\/h3>\n<p>Notre \u00e9quipe d\u2019automaticiens regorge de profils diff\u00e9rents et polyvalents. Compos\u00e9e de programmeurs Junior \u00e0 Senior, l\u2019\u00e9quipe se sp\u00e9cialise dans toutes les activit\u00e9s de l\u2019automation. M\u00eame si chacun \u00e0 ses propres sp\u00e9cificit\u00e9s, chacun est pr\u00e9sent pour venir en aide et collaborer pour trouver la meilleure solution.<\/p>\n<p>[\/et_pb_text][\/et_pb_column][et_pb_column type=&#8221;1_3&#8243; _builder_version=&#8221;4.18.0&#8243; _module_preset=&#8221;default&#8221; transform_translate_linked__hover=&#8221;off&#8221; custom_padding=&#8221;|0.5vw||0.5vw|false|true&#8221; custom_padding_tablet=&#8221;|0.5vw|5vw|0.5vw|false|true&#8221; custom_padding_phone=&#8221;|0.5vw|5vw|0.5vw|false|true&#8221; custom_padding_last_edited=&#8221;on|tablet&#8221; animation_style=&#8221;fade&#8221; animation_delay=&#8221;100ms&#8221; custom_css_main_element=&#8221;display: flex;||flex-direction: column;||justify-content: center;&#8221; global_colors_info=&#8221;{}&#8221; transform_styles__hover_enabled=&#8221;on|desktop&#8221; transform_scale__hover_enabled=&#8221;on|desktop&#8221; transform_translate__hover_enabled=&#8221;on|desktop&#8221; transform_rotate__hover_enabled=&#8221;on|desktop&#8221; transform_skew__hover_enabled=&#8221;on|desktop&#8221; transform_origin__hover_enabled=&#8221;on|desktop&#8221; transform_translate__hover=&#8221;0px|-5px&#8221;][et_pb_text content_tablet=&#8221;<\/p>\n<h1 style=%22margin-top:0vw; margin-bottom:0.5vw;%22>LE GROUPE<\/h1>\n<p><strong>La soci\u00e9t\u00e9 SINECA a \u00e9t\u00e9 fond\u00e9e en ao\u00fbt 2019 par 3 ing\u00e9nieurs automaticiens dans le but de vous fournir des projets et des services en :<\/strong><\/p>\n<ul>\n<li>Automatisation ;<\/li>\n<li>Informatique industrielle  ;<\/li>\n<li>IoT.<\/li>\n<\/ul>\n<p>Notre croissance continue nous permet aujourd\u2019hui de vous proposer des solutions industrielles en mati\u00e8re de MES et de Robotique.<\/p>\n<p>Nous avons cr\u00e9\u00e9 SINECA dans l\u2019objectif de nous recentrer sur notre m\u00e9tier et d\u2019\u00eatre \u00e0 l\u2019\u00e9coute du client. Notre expertise, ainsi que celle de nos collaborateurs, nous permet de r\u00e9pondre \u00e0 vos besoins en terme d\u2019automation.<\/p>\n<p>Notre volont\u00e9 est de poursuivre notre croissance tout en restant une soci\u00e9t\u00e9 \u00e0 taille humaine. Nous souhaitons continuer \u00e0 vous fournir la bonne solution, tout en conservant votre confiance ou en la gagnant.<\/p>\n<p>Aujourd\u2019hui nous comptons 15 collaborateurs aux profils et comp\u00e9tences vari\u00e9s, motiv\u00e9s et pr\u00eats \u00e0 r\u00e9pondre \u00e0 votre prochain challenge.<\/p>\n<p>&#8221; content_phone=&#8221;<\/p>\n<h1 style=%22margin-top:0vw; margin-bottom:0.5vw;%22>LE<br \/>GROUPE<\/h1>\n<p><strong>La soci\u00e9t\u00e9 SINECA a \u00e9t\u00e9 fond\u00e9e en ao\u00fbt 2019 par 3 ing\u00e9nieurs automaticiens dans le but de vous fournir des projets et des services en :<\/strong><\/p>\n<ul>\n<li>Automatisation ;<\/li>\n<li>Informatique industrielle  ;<\/li>\n<li>IoT.<\/li>\n<\/ul>\n<p>Notre croissance continue nous permet aujourd\u2019hui de vous proposer des solutions industrielles en mati\u00e8re de MES et de Robotique.<\/p>\n<p>Nous avons cr\u00e9\u00e9 SINECA dans l\u2019objectif de nous recentrer sur notre m\u00e9tier et d\u2019\u00eatre \u00e0 l\u2019\u00e9coute du client. Notre expertise, ainsi que celle de nos collaborateurs, nous permet de r\u00e9pondre \u00e0 vos besoins en terme d\u2019automation.<\/p>\n<p>Notre volont\u00e9 est de poursuivre notre croissance tout en restant une soci\u00e9t\u00e9 \u00e0 taille humaine. Nous souhaitons continuer \u00e0 vous fournir la bonne solution, tout en conservant votre confiance ou en la gagnant.<\/p>\n<p>Aujourd\u2019hui nous comptons 15 collaborateurs aux profils et comp\u00e9tences vari\u00e9s, motiv\u00e9s et pr\u00eats \u00e0 r\u00e9pondre \u00e0 votre prochain challenge.<\/p>\n<p>&#8221; content_last_edited=&#8221;off|desktop&#8221; _builder_version=&#8221;4.17.6&#8243; _module_preset=&#8221;default&#8221; text_text_color=&#8221;#000000&#8243; text_font_size=&#8221;18px&#8221; text_line_height=&#8221;1.5em&#8221; header_font=&#8221;|||on|||||&#8221; header_text_color=&#8221;#000000&#8243; header_font_size=&#8221;50px&#8221; header_2_font=&#8221;||||||||&#8221; header_2_text_color=&#8221;#000000&#8243; header_2_font_size=&#8221;50px&#8221; header_3_font=&#8221;|||on|||||&#8221; header_3_text_color=&#8221;#0A1D85&#8243; header_3_font_size=&#8221;25px&#8221; header_5_font=&#8221;|||on|||||&#8221; header_5_text_color=&#8221;#0A1D85&#8243; header_5_font_size=&#8221;1.1vw&#8221; header_6_text_color=&#8221;#ffffff&#8221; header_6_font_size=&#8221;20px&#8221; header_6_line_height=&#8221;1.4em&#8221; background_color=&#8221;#EDEDED&#8221; text_orientation=&#8221;center&#8221; custom_margin=&#8221;0px|0px|0px|0px|false|false&#8221; custom_padding=&#8221;1.5vw|1.5vw|0px|1.5vw|false|true&#8221; custom_padding_tablet=&#8221;2.5vw|5vw|0px|5vw|false|false&#8221; custom_padding_phone=&#8221;5vw|5vw|0px|5vw|false|false&#8221; custom_padding_last_edited=&#8221;on|phone&#8221; animation_style=&#8221;fade&#8221; header_2_font_size_tablet=&#8221;50px&#8221; header_2_font_size_phone=&#8221;40px&#8221; header_2_font_size_last_edited=&#8221;on|phone&#8221; header_5_font_size_tablet=&#8221;2.5vw&#8221; header_5_font_size_phone=&#8221;3.5vw&#8221; header_5_font_size_last_edited=&#8221;on|tablet&#8221; border_radii=&#8221;off|1vw|1vw||&#8221; border_radii_tablet=&#8221;off|1vw|1vw||&#8221; border_radii_phone=&#8221;off|4vw|4vw||&#8221; border_radii_last_edited=&#8221;on|phone&#8221; locked=&#8221;off&#8221; global_colors_info=&#8221;{}&#8221;]<\/p>\n<p><strong>Vous avez envie de rejoindre l\u2019\u00e9quipe&nbsp;?<\/strong><br \/>Dites-le nous ici&nbsp;:<\/p>\n<p>[\/et_pb_text][et_pb_button button_url=&#8221;@ET-DC@eyJkeW5hbWljIjp0cnVlLCJjb250ZW50IjoicG9zdF9saW5rX3VybF9wYWdlIiwic2V0dGluZ3MiOnsicG9zdF9pZCI6IjEzNzUifX0=@&#8221; button_text=&#8221;D\u00e9posez votre candidature&#8221; button_alignment=&#8221;center&#8221; _builder_version=&#8221;4.17.6&#8243; _dynamic_attributes=&#8221;button_url&#8221; _module_preset=&#8221;default&#8221; custom_button=&#8221;on&#8221; button_text_size=&#8221;16px&#8221; button_text_color=&#8221;#000000&#8243; button_bg_color=&#8221;#ffffff&#8221; button_border_width=&#8221;0px&#8221; button_border_color=&#8221;RGBA(255,255,255,0)&#8221; button_border_radius=&#8221;0px&#8221; button_icon=&#8221;&#x4e;||divi||400&#8243; button_icon_color=&#8221;#0A1D85&#8243; custom_margin=&#8221;0px||||false|false&#8221; custom_margin_tablet=&#8221;0px|||0px|false|false&#8221; custom_margin_phone=&#8221;0vw|||0vw|false|false&#8221; custom_margin_last_edited=&#8221;on|tablet&#8221; custom_padding=&#8221;4px||4px||true|false&#8221; custom_padding_tablet=&#8221;4px||4px||true|false&#8221; custom_padding_phone=&#8221;4px||4px||true|false&#8221; custom_padding_last_edited=&#8221;on|tablet&#8221; locked=&#8221;off&#8221; global_colors_info=&#8221;{}&#8221;][\/et_pb_button][\/et_pb_column][\/et_pb_row][\/et_pb_section][et_pb_section fb_built=&#8221;1&#8243; module_id=&#8221;contact&#8221; _builder_version=&#8221;4.17.4&#8243; _module_preset=&#8221;default&#8221; use_background_color_gradient=&#8221;on&#8221; background_color_gradient_stops=&#8221;#0a1d85 0%|#001030 100%&#8221; background_color_gradient_start=&#8221;#0a1d85&#8243; background_color_gradient_end=&#8221;#001030&#8243; background_enable_image=&#8221;off&#8221; background_size=&#8221;contain&#8221; background_position=&#8221;bottom_center&#8221; background_vertical_offset=&#8221;-65%&#8221; custom_margin=&#8221;0px|0px|0px|0px|false|false&#8221; custom_padding=&#8221;0px|0px|0px|0px|false|false&#8221; global_module=&#8221;3552&#8243; locked=&#8221;off&#8221; global_colors_info=&#8221;{}&#8221;][et_pb_row use_custom_gutter=&#8221;on&#8221; make_equal=&#8221;on&#8221; custom_padding_last_edited=&#8221;on|tablet&#8221; _builder_version=&#8221;4.17.4&#8243; _module_preset=&#8221;default&#8221; width=&#8221;100%&#8221; max_width=&#8221;100%&#8221; custom_margin=&#8221;0px|0px|0px|0px|false|false&#8221; custom_padding=&#8221;5vw|15vw|2.5vw|15vw|false|true&#8221; custom_padding_tablet=&#8221;10vw|15vw|5vw|15vw|false|true&#8221; custom_padding_phone=&#8221;15vw||10vw||false|true&#8221; animation_style=&#8221;fade&#8221; global_colors_info=&#8221;{}&#8221;][et_pb_column type=&#8221;4_4&#8243; _builder_version=&#8221;4.16&#8243; _module_preset=&#8221;default&#8221; custom_css_main_element=&#8221;||display: flex;||flex-direction: column;||justify-content: center;&#8221; border_radii=&#8221;on|6px|6px|6px|6px&#8221; global_colors_info=&#8221;{}&#8221;][et_pb_text _builder_version=&#8221;4.18.0&#8243; _module_preset=&#8221;default&#8221; text_text_color=&#8221;#ffffff&#8221; text_font_size=&#8221;19px&#8221; text_line_height=&#8221;1.5em&#8221; header_text_color=&#8221;#ffffff&#8221; header_font_size=&#8221;50px&#8221; header_2_font=&#8221;||||||||&#8221; header_2_text_color=&#8221;#ffffff&#8221; header_2_font_size=&#8221;50px&#8221; header_3_text_color=&#8221;#ffffff&#8221; header_3_line_height=&#8221;1.3em&#8221; header_5_font=&#8221;|||on|||||&#8221; header_5_text_color=&#8221;#ffffff&#8221; header_5_font_size=&#8221;1.1vw&#8221; header_6_text_color=&#8221;#ffffff&#8221; header_6_font_size=&#8221;20px&#8221; header_6_line_height=&#8221;1.4em&#8221; text_orientation=&#8221;center&#8221; custom_margin=&#8221;0px|0px|0px|0px|false|false&#8221; custom_padding=&#8221;0px|0px|0px|0px|false|false&#8221; header_2_font_size_tablet=&#8221;50px&#8221; header_2_font_size_phone=&#8221;40px&#8221; header_2_font_size_last_edited=&#8221;on|phone&#8221; global_colors_info=&#8221;{}&#8221; link_letter_spacing__hover_enabled=&#8221;on|hover&#8221; link_letter_spacing__hover=&#8221;1px&#8221;]<\/p>\n<h2>Contact<\/h2>\n<p>Vous souhaitez nous rejoindre ?<br \/><a href=\"mailto:info@sineca.com\">job@sineca.com<\/a><\/p>\n<p>[\/et_pb_text][\/et_pb_column][\/et_pb_row][et_pb_row column_structure=&#8221;1_3,1_3,1_3&#8243; use_custom_gutter=&#8221;on&#8221; make_equal=&#8221;on&#8221; custom_padding_last_edited=&#8221;on|tablet&#8221; _builder_version=&#8221;4.17.4&#8243; _module_preset=&#8221;default&#8221; width=&#8221;100%&#8221; max_width=&#8221;100%&#8221; custom_margin=&#8221;0px|0px|0px|0px|false|false&#8221; custom_padding=&#8221;0px|15vw|5vw|15vw|false|true&#8221; custom_padding_tablet=&#8221;0px|7vw|5vw|7vw|false|true&#8221; custom_padding_phone=&#8221;||15vw||false|true&#8221; global_colors_info=&#8221;{}&#8221; custom_css_main_element_last_edited=&#8221;on|tablet&#8221; custom_css_main_element_tablet=&#8221;display:flex;||align-items:flex-start;&#8221; custom_css_main_element_phone=&#8221;display:block;&#8221;][et_pb_column type=&#8221;1_3&#8243; _builder_version=&#8221;4.17.4&#8243; _module_preset=&#8221;default&#8221; animation_style=&#8221;fade&#8221; animation_delay=&#8221;100ms&#8221; custom_css_main_element=&#8221;||display: flex;||flex-direction: column;||justify-content: center;&#8221; border_radii=&#8221;on|6px|6px|6px|6px&#8221; global_colors_info=&#8221;{}&#8221;][et_pb_image src=&#8221;\/wp-content\/uploads\/2022\/06\/Sineca_Hexagone_Belgique-3.png&#8221; alt=&#8221;Sineca, office&#8221; title_text=&#8221;Sineca_Hexagone_Belgique-3&#8243; align=&#8221;center&#8221; _builder_version=&#8221;4.17.4&#8243; _module_preset=&#8221;default&#8221; width=&#8221;45%&#8221; width_tablet=&#8221;65%&#8221; width_phone=&#8221;45%&#8221; width_last_edited=&#8221;on|tablet&#8221; custom_padding_tablet=&#8221;|2.5vw||2.5vw|false|true&#8221; custom_padding_phone=&#8221;|2.5vw||2.5vw|false|true&#8221; custom_padding_last_edited=&#8221;on|tablet&#8221; global_colors_info=&#8221;{}&#8221;][\/et_pb_image][et_pb_text _builder_version=&#8221;4.18.0&#8243; _module_preset=&#8221;default&#8221; text_text_color=&#8221;#ffffff&#8221; text_font_size=&#8221;16px&#8221; text_line_height=&#8221;1.5em&#8221; header_text_color=&#8221;#ffffff&#8221; header_font_size=&#8221;50px&#8221; header_2_font=&#8221;||||||||&#8221; header_2_text_color=&#8221;#ffffff&#8221; header_2_font_size=&#8221;50px&#8221; header_3_text_color=&#8221;#ffffff&#8221; header_3_line_height=&#8221;1.3em&#8221; header_4_font=&#8221;|||on|||||&#8221; header_4_text_color=&#8221;#ffffff&#8221; header_4_font_size=&#8221;20px&#8221; header_5_font=&#8221;|||on|||||&#8221; header_5_text_color=&#8221;#EDEDED&#8221; header_6_text_color=&#8221;#ffffff&#8221; header_6_font_size=&#8221;20px&#8221; header_6_line_height=&#8221;1.4em&#8221; text_orientation=&#8221;center&#8221; custom_padding_tablet=&#8221;|2.5vw||2.5vw|false|true&#8221; custom_padding_phone=&#8221;|2.5vw||2.5vw|false|true&#8221; custom_padding_last_edited=&#8221;on|tablet&#8221; locked=&#8221;off&#8221; global_colors_info=&#8221;{}&#8221; link_letter_spacing__hover_enabled=&#8221;on|desktop&#8221; link_letter_spacing__hover=&#8221;1px&#8221;]<\/p>\n<h4>Belgique<\/h4>\n<p>&nbsp;<\/p>\n<p><img src=\"\/wp-content\/uploads\/2022\/06\/espace-reserve.svg\" width=\"25\" style=\"margin-bottom: -7px; margin-right: 7px;\" \/>41\/1 Boulevard Fr\u00e8re-Orban<br \/><span style=\"color: #ffffff;\"><a href=\"https:\/\/goo.gl\/maps\/pxyfU76LJPwKoZf37\" target=\"_blank\" rel=\"noopener\" title=\"Belgique\" style=\"color: #ffffff;\">4000 Li\u00e8ge<\/a><\/span><\/p>\n<p><a href=\"tel:0032494695473\"><img src=\"\/wp-content\/uploads\/2022\/06\/telephone.svg\" width=\"25\" style=\"margin-bottom: -7px; margin-right: 7px;\" \/>+32 494 69 54 73<\/a><\/p>\n<p>[\/et_pb_text][\/et_pb_column][et_pb_column type=&#8221;1_3&#8243; _builder_version=&#8221;4.17.4&#8243; _module_preset=&#8221;default&#8221; custom_padding_tablet=&#8221;&#8221; custom_padding_phone=&#8221;&#8221; custom_padding_last_edited=&#8221;on|tablet&#8221; animation_style=&#8221;fade&#8221; animation_delay=&#8221;200ms&#8221; custom_css_main_element=&#8221;||display: flex;||flex-direction: column;||justify-content: center;&#8221; global_colors_info=&#8221;{}&#8221;][et_pb_image src=&#8221;\/wp-content\/uploads\/2022\/06\/Sineca_Hexagone_France-2.png&#8221; alt=&#8221;Sineca, office&#8221; title_text=&#8221;Sineca, office&#8221; align=&#8221;center&#8221; _builder_version=&#8221;4.17.4&#8243; _module_preset=&#8221;default&#8221; width=&#8221;45%&#8221; width_tablet=&#8221;65%&#8221; width_phone=&#8221;45%&#8221; width_last_edited=&#8221;on|tablet&#8221; custom_padding_tablet=&#8221;|2.5vw||2.5vw|false|true&#8221; custom_padding_phone=&#8221;|2.5vw||2.5vw|false|true&#8221; custom_padding_last_edited=&#8221;on|tablet&#8221; global_colors_info=&#8221;{}&#8221;][\/et_pb_image][et_pb_text _builder_version=&#8221;4.18.0&#8243; _module_preset=&#8221;default&#8221; text_text_color=&#8221;#ffffff&#8221; text_font_size=&#8221;16px&#8221; text_line_height=&#8221;1.5em&#8221; header_text_color=&#8221;#ffffff&#8221; header_font_size=&#8221;50px&#8221; header_2_font=&#8221;||||||||&#8221; header_2_text_color=&#8221;#ffffff&#8221; header_2_font_size=&#8221;50px&#8221; header_3_text_color=&#8221;#ffffff&#8221; header_3_line_height=&#8221;1.3em&#8221; header_4_font=&#8221;|||on|||||&#8221; header_4_text_color=&#8221;#ffffff&#8221; header_4_font_size=&#8221;20px&#8221; header_5_font=&#8221;|||on|||||&#8221; header_5_text_color=&#8221;#EDEDED&#8221; header_6_text_color=&#8221;#ffffff&#8221; header_6_font_size=&#8221;20px&#8221; header_6_line_height=&#8221;1.4em&#8221; text_orientation=&#8221;center&#8221; custom_padding_tablet=&#8221;|2.5vw||2.5vw|false|true&#8221; custom_padding_phone=&#8221;|2.5vw||2.5vw|false|true&#8221; custom_padding_last_edited=&#8221;on|tablet&#8221; locked=&#8221;off&#8221; global_colors_info=&#8221;{}&#8221; link_letter_spacing__hover_enabled=&#8221;on|hover&#8221; link_letter_spacing__hover=&#8221;1px&#8221;]<\/p>\n<h4>FRANCE<\/h4>\n<p>&nbsp;<\/p>\n<p><img src=\"\/wp-content\/uploads\/2022\/06\/espace-reserve.svg\" width=\"25\" style=\"margin-bottom: -7px; margin-right: 7px;\" \/>31 All\u00e9e Lavoisier<br \/><span style=\"color: #ffffff;\"><a href=\"https:\/\/goo.gl\/maps\/LaNWeCJ9BkBW4Rq16\" target=\"_blank\" rel=\"noopener\" title=\"France\" style=\"color: #ffffff;\">59650 Villeneuve d&#8217;Ascq<\/a><\/span><\/p>\n<p><a href=\"tel:0033631517791\"><img src=\"\/wp-content\/uploads\/2022\/06\/telephone.svg\" width=\"25\" style=\"margin-bottom: -7px; margin-right: 7px;\" \/>+33 6 31 51 77 91<\/a><\/p>\n<p>[\/et_pb_text][\/et_pb_column][et_pb_column type=&#8221;1_3&#8243; _builder_version=&#8221;4.17.4&#8243; _module_preset=&#8221;default&#8221; animation_style=&#8221;fade&#8221; animation_delay=&#8221;300ms&#8221; custom_css_main_element=&#8221;||display: flex;||flex-direction: column;||justify-content: center;&#8221; global_colors_info=&#8221;{}&#8221;][et_pb_image src=&#8221;https:\/\/sineca.com\/wp-content\/uploads\/2022\/06\/Sineca_Hexagone_Luxembourg-2.png&#8221; alt=&#8221;Sineca, Luxembourg&#8221; title_text=&#8221;Sineca, Luxembourg&#8221; align=&#8221;center&#8221; _builder_version=&#8221;4.17.4&#8243; _module_preset=&#8221;default&#8221; width=&#8221;45%&#8221; width_tablet=&#8221;65%&#8221; width_phone=&#8221;45%&#8221; width_last_edited=&#8221;on|tablet&#8221; custom_padding_tablet=&#8221;|2.5vw||2.5vw|false|true&#8221; custom_padding_phone=&#8221;|2.5vw||2.5vw|false|true&#8221; custom_padding_last_edited=&#8221;on|tablet&#8221; global_colors_info=&#8221;{}&#8221;][\/et_pb_image][et_pb_text _builder_version=&#8221;4.18.0&#8243; _module_preset=&#8221;default&#8221; text_text_color=&#8221;#ffffff&#8221; text_font_size=&#8221;16px&#8221; text_line_height=&#8221;1.5em&#8221; header_text_color=&#8221;#ffffff&#8221; header_font_size=&#8221;50px&#8221; header_2_font=&#8221;||||||||&#8221; header_2_text_color=&#8221;#ffffff&#8221; header_2_font_size=&#8221;50px&#8221; header_3_text_color=&#8221;#ffffff&#8221; header_3_line_height=&#8221;1.3em&#8221; header_4_font=&#8221;|||on|||||&#8221; header_4_text_color=&#8221;#ffffff&#8221; header_4_font_size=&#8221;20px&#8221; header_5_font=&#8221;|||on|||||&#8221; header_5_text_color=&#8221;#EDEDED&#8221; header_6_text_color=&#8221;#ffffff&#8221; header_6_font_size=&#8221;20px&#8221; header_6_line_height=&#8221;1.4em&#8221; text_orientation=&#8221;center&#8221; custom_margin=&#8221;0px|0px|0px|0px|false|false&#8221; custom_padding=&#8221;0px|0px|0px|0px|false|false&#8221; custom_padding_tablet=&#8221;0px|2.5vw|0px|2.5vw|false|false&#8221; custom_padding_phone=&#8221;0px|2.5vw|0px|2.5vw|false|false&#8221; custom_padding_last_edited=&#8221;on|tablet&#8221; global_colors_info=&#8221;{}&#8221; link_letter_spacing__hover_enabled=&#8221;on|desktop&#8221; link_letter_spacing__hover=&#8221;1px&#8221;]<\/p>\n<h4>Luxembourg<\/h4>\n<p>&nbsp;<\/p>\n<p><img src=\"\/wp-content\/uploads\/2022\/06\/espace-reserve.svg\" width=\"25\" style=\"margin-bottom: -7px; margin-right: 7px;\" \/>22 rue du 31 Ao\u00fbt 1942<br \/><span style=\"color: #ffffff;\"><a href=\"https:\/\/goo.gl\/maps\/KLd9DnnGmbZ1QVgh8\" target=\"_blank\" rel=\"noopener\" title=\"Luxembourg\" style=\"color: #ffffff;\">9516 Wiltz<\/a><\/span><\/p>\n<p><a href=\"tel:00352621593763\"><img src=\"\/wp-content\/uploads\/2022\/06\/telephone.svg\" width=\"25\" style=\"margin-bottom: -7px; margin-right: 7px;\" \/>+352 621 593 763<\/a><\/p>\n<p>[\/et_pb_text][\/et_pb_column][\/et_pb_row][\/et_pb_section]<\/p>\n","protected":false},"excerpt":{"rendered":"<p>Notre \u00e9quipeFondateurs Nos 3 fondateurs et dirigeants, \u00e9galement amis dans la vie priv\u00e9e, partagent un bons nombres de points communs et s\u2019orientent vers un style de management horizontal o\u00f9 chaque collaborateur a sa place \u00e0 part enti\u00e8re.Ressources humaines Notre responsable RH est une touche \u00e0 tout. Active dans plusieurs domaines, elle s\u2019occupe aussi bien du [&hellip;]<\/p>\n","protected":false},"author":1,"featured_media":0,"parent":0,"menu_order":0,"comment_status":"closed","ping_status":"closed","template":"","meta":{"_et_pb_use_builder":"on","_et_pb_old_content":"<!-- wp:divi\/placeholder \/-->","_et_gb_content_width":""},"_links":{"self":[{"href":"https:\/\/sineca.com\/fr\/wp-json\/wp\/v2\/pages\/1314"}],"collection":[{"href":"https:\/\/sineca.com\/fr\/wp-json\/wp\/v2\/pages"}],"about":[{"href":"https:\/\/sineca.com\/fr\/wp-json\/wp\/v2\/types\/page"}],"author":[{"embeddable":true,"href":"https:\/\/sineca.com\/fr\/wp-json\/wp\/v2\/users\/1"}],"replies":[{"embeddable":true,"href":"https:\/\/sineca.com\/fr\/wp-json\/wp\/v2\/comments?post=1314"}],"version-history":[{"count":37,"href":"https:\/\/sineca.com\/fr\/wp-json\/wp\/v2\/pages\/1314\/revisions"}],"predecessor-version":[{"id":3804,"href":"https:\/\/sineca.com\/fr\/wp-json\/wp\/v2\/pages\/1314\/revisions\/3804"}],"wp:attachment":[{"href":"https:\/\/sineca.com\/fr\/wp-json\/wp\/v2\/media?parent=1314"}],"curies":[{"name":"wp","href":"https:\/\/api.w.org\/{rel}","templated":true}]}}